{"id":1332,"date":"2021-09-29T09:53:50","date_gmt":"2021-09-29T06:53:50","guid":{"rendered":"https:\/\/lumatikka.luma.fi\/sv\/?page_id=1332"},"modified":"2023-01-03T15:39:14","modified_gmt":"2023-01-03T13:39:14","slug":"matematik-i-rorelse","status":"publish","type":"page","link":"https:\/\/lumatikka.luma.fi\/sv\/natstudiekurser\/matematik-i-rorelse\/","title":{"rendered":"Matematik i r\u00f6relse"},"content":{"rendered":"\n<h1 class=\"wp-block-heading\"><strong>LUMATIKKA 3:  Matematik i r\u00f6relse<\/strong><\/h1>\n\n\n\n<pre id=\"block-d118f75b-7e34-461b-b636-f9f9574be671\" class=\"wp-block-preformatted\"><strong><a rel=\"noreferrer noopener\" href=\"https:\/\/digicampus.fi\/course\/view.php?id=3570\" data-type=\"URL\" data-id=\"https:\/\/digicampus.fi\/course\/view.php?id=3570\" target=\"_blank\">Fr\u00e5n den h\u00e4r l\u00e4nken<\/a><\/strong> <strong>kan du ta dig till kursen<\/strong> <em>LUMATIKKA\u00a03:\u00a0Matematik i r\u00f6relse<\/em> <strong>p\u00e5 Digicampus<\/strong>. Instruktioner f\u00f6r hur du loggar in p\u00e5 Digicampus och registrerar dig p\u00e5 kurser samt tips f\u00f6r hur du studerar p\u00e5 kurserna hittar du p\u00e5 sidan <a rel=\"noreferrer noopener\" href=\"https:\/\/lumatikka.luma.fi\/sv\/sjalvstudiekurser\/\" data-type=\"URL\" data-id=\"https:\/\/lumatikka.luma.fi\/sv\/sjalvstudiekurser\/\" target=\"_blank\">Sj\u00e4lvstudiekurser<\/a> via menyn ovan. P\u00e5 den h\u00e4r sidan hittar du en n\u00e4rmare beskrivning av kursinneh\u00e5llet och -uppl\u00e4gget.<\/pre>\n\n\n\n<h2 class=\"wp-block-heading\">Beskrivning <\/h2>\n\n\n\n<p>Hur f\u00e5r man en matematiklektion i r\u00f6relse? Vad har dans och matematik gemensamt? Hur kan kroppsliga \u00f6vningar \u00f6ka f\u00f6rst\u00e5elsen av matematiska begrepp? Vilken betydelse har gester i matematisk kommunikation? Den h\u00e4r temakursen inom LUMATIKKA-programmet ger svar bland annat p\u00e5 de h\u00e4r fr\u00e5gorna.<\/p>\n\n\n\n<p id=\"yui_3_17_2_1_1632896017187_684\">P\u00e5 kursen f\u00e5r du bekanta dig med olika typer av uppgiftsid\u00e9er f\u00f6r r\u00f6rlig och kroppslig matematikundervisning och ta del av hur l\u00e4rare och experter ser p\u00e5 och vilka erfarenheter de har av grunderna f\u00f6r kroppslig undervisning. Kurskapitlen inneh\u00e5ller olika uppgifter och exempel kring dessa teman. De som du mest intresserar dig f\u00f6r kan du v\u00e4lja att f\u00f6rdjupa dig grundligare i.<\/p>\n\n\n\n<figure class=\"wp-block-image size-large is-style-default\"><img loading=\"lazy\" decoding=\"async\" width=\"1024\" height=\"681\" src=\"https:\/\/lumatikka.luma.fi\/sv\/files\/2023\/01\/image-1-1024x681.png\" alt=\"Kursinneh\u00e5ll i kursens n\u00e4tplattform Digicampus:\n1. V\u00e4lkommen p\u00e5 kursen!\n2. Matematik och kropp\n3. R\u00f6rliga matematiklektioner\n4. Matematik och dans\n5. Matematik - fantasi och f\u00f6rest\u00e4llningar\n6. Matematik och kroppslig begreppsbildning\n7. Egen r\u00f6rlig matematikstund\n8. DIPLOM\n9. Kursteam\" class=\"wp-image-2019\" srcset=\"https:\/\/lumatikka.luma.fi\/sv\/files\/2023\/01\/image-1-1024x681.png 1024w, https:\/\/lumatikka.luma.fi\/sv\/files\/2023\/01\/image-1-300x199.png 300w, https:\/\/lumatikka.luma.fi\/sv\/files\/2023\/01\/image-1-768x510.png 768w, https:\/\/lumatikka.luma.fi\/sv\/files\/2023\/01\/image-1.png 1267w\" sizes=\"auto, (max-width: 1024px) 100vw, 1024px\" \/><figcaption class=\"wp-element-caption\"><em>Kursinneh\u00e5llet p\u00e5 kursplattformen Digicampus.<\/em><\/figcaption><\/figure>\n\n\n\n<h2 class=\"wp-block-heading\">M\u00e5lgrupp <\/h2>\n\n\n\n<p>Kursen l\u00e4mpar sig f\u00f6r alla som undervisar i matematik, fr\u00e5n sm\u00e5barnspedagogiken till andra stadiet. \u00c4ven l\u00e4rarstuderande kan ha nytta av kursen. Dessutom kan vem som helst som intresserar sig f\u00f6r integrering av matematikundervisning och motion bekanta sig med kursmaterialet.<\/p>\n\n\n\n<h2 class=\"wp-block-heading\">Kursuppl\u00e4gg<\/h2>\n\n\n\n<p>Du kan avl\u00e4gga kursen n\u00e4r som helst och var som helst.&nbsp;Kursen best\u00e5r av tv\u00e5 delar: en teoribaserad del f\u00f6r&nbsp;<em>teoriexperter&nbsp;<\/em>och en mer praktiskt orienterad del f\u00f6r&nbsp;<em>undervisningsutvecklare<\/em>. Teoridelen avl\u00e4gger du genom att bekanta dig med kursmaterialet och genom att g\u00f6ra de tillh\u00f6rande teoritesterna. Den praktiskt orienterade&nbsp;<em>undervisningsutvecklare-<\/em>kursdelen g\u00e5r i sin tur ut p\u00e5 att du i slutet av kursen ska genomf\u00f6ra ett undervisningsexperiment, som f\u00f6rdjupar ditt teorikunnande och ger dig m\u00f6jlighet att till\u00e4mpa det i praktiken. Undervisningsexperimentet kan du genomf\u00f6ra antingen i din egen eller en kollegas undervisningsgrupp eller med bekantas barn. Efter att du har avlagt b\u00e5da kursdelarna f\u00e5r du ett diplom f\u00f6r slutf\u00f6rd kurs.<\/p>\n\n\n\n<figure id=\"yui_3_17_2_1_1670254946965_41\" class=\"wp-block-table is-style-stripes\"><table><thead><tr><th scope=\"col\">Ungef\u00e4rlig tids\u00e5tg\u00e5ng&nbsp; &nbsp; &nbsp;<\/th><th scope=\"col\">Uppgift<\/th><\/tr><\/thead><tbody><tr><td><strong>10 tim.<\/strong><\/td><td>Du bekantar dig med teoridelen och g\u00f6r uppgifterna i anslutning till den.&nbsp; &nbsp;&nbsp;<\/td><\/tr><tr><td><strong>10 tim.<\/strong><\/td><td>Du planerar och genomf\u00f6r ett undervisningsexperiment.<\/td><\/tr><\/tbody><\/table><figcaption class=\"wp-element-caption\"><em>Ungef\u00e4rlig uppskattning av omfattningen av studierna.<\/em><\/figcaption><\/figure>\n\n\n\n<h3 class=\"wp-block-heading\"><strong>Teoriexperten<\/strong><\/h3>\n\n\n\n<p>\u2713 k\u00e4nner till en m\u00e5ngfald av modeller f\u00f6r hur matematiklektioner kan h\u00e5llas utanf\u00f6r klassrummet<\/p>\n\n\n\n<p>\u2713 f\u00f6rst\u00e5r f\u00f6rdelarna med kroppsliga arbetss\u00e4tt och mentala f\u00f6rest\u00e4llningar i matematikl\u00e4randet<\/p>\n\n\n\n<p>\u2713 f\u00f6rst\u00e5r hur motionsstunder p\u00e5verkar hj\u00e4rna och l\u00e4randet och hur man med hj\u00e4lp av motion kan \u00f6ka ivern och motivationen hos eleverna p\u00e5 matematiklektionerna.<\/p>\n\n\n\n<h3 class=\"wp-block-heading\"><strong>Undervisningsutvecklaren<\/strong><\/h3>\n\n\n\n<p>\u2713 kan till\u00e4mpa id\u00e9n om en r\u00f6rlig lektion i sin matematikundervisning<\/p>\n\n\n\n<p>\u2713 har en uppfattning om att utvecklingen av den egna undervisningen och ett kreativt angreppss\u00e4tt utg\u00f6r tillg\u00e5ngar i undervisnings- och fostringsarbete<\/p>\n\n\n\n<p>\u2713 kan utveckla sin egen undervisning utg\u00e5ende fr\u00e5n forskning och personliga reflektioner.<\/p>\n\n\n\n<h2 class=\"wp-block-heading\">Ett smakprov fr\u00e5n kursen<\/h2>\n\n\n\n<figure class=\"wp-block-embed is-type-video is-provider-youtube wp-block-embed-youtube wp-embed-aspect-16-9 wp-has-aspect-ratio\"><div class=\"wp-block-embed__wrapper\">\n<iframe loading=\"lazy\" title=\"Mielikuvia matematiikasta\" width=\"500\" height=\"281\" src=\"https:\/\/www.youtube.com\/embed\/5vAgBBmQHQk?wmode=transparent&amp;rel=0&amp;feature=oembed\" frameborder=\"0\" allow=\"accelerometer; autoplay; clipboard-write; encrypted-media; gyroscope; picture-in-picture; web-share\" referrerpolicy=\"strict-origin-when-cross-origin\" allowfullscreen><\/iframe>\n<\/div><figcaption class=\"wp-element-caption\">Martina Aaltonen och Saara Lehto talar om sina f\u00f6rest\u00e4llningar om matematiska begrepp. Videon har svensk textning.<\/figcaption><\/figure>\n\n\n\n<h2 class=\"wp-block-heading\">Kursteamet<\/h2>\n\n\n\n<div class=\"wp-block-columns is-layout-flex wp-container-core-columns-is-layout-28f84493 wp-block-columns-is-layout-flex\">\n<div class=\"wp-block-column is-layout-flow wp-block-column-is-layout-flow\">\n<h3 class=\"wp-block-heading\">Det huvudsakliga <br>planeringsteamet<\/h3>\n\n\n\n<p>Saara Lehto <br>Martina Aaltonen <br>Susanna Toikka <br>Alisa Uusi-Kilponen <br>Anssi Korhonen<\/p>\n<\/div>\n\n\n\n<div class=\"wp-block-column is-layout-flow wp-block-column-is-layout-flow\">\n<h3 class=\"wp-block-heading\">Resten av planerings- och utbildareteamet<\/h3>\n\n\n\n<p>Hanna Viitala <br>Ann-Sofi R\u00f6j-Lindberg <br>Ann-Catherine Henriksson<br>Eveliina Hietakymi<\/p>\n<\/div>\n<\/div>\n","protected":false},"excerpt":{"rendered":"<p>LUMATIKKA 3: Matematik i r\u00f6relse Fr\u00e5n den h\u00e4r l\u00e4nken kan du ta dig till kursen LUMATIKKA\u00a03:\u00a0Matematik i r\u00f6relse p\u00e5 Digicampus. Instruktioner f\u00f6r hur du loggar in p\u00e5 Digicampus och registrerar dig p\u00e5 kurser samt tips f\u00f6r hur du studerar p\u00e5 kurserna hittar du p\u00e5 sidan Sj\u00e4lvstudiekurser via menyn ovan. P\u00e5 den h\u00e4r sidan hittar du [&hellip;]<\/p>\n","protected":false},"author":12,"featured_media":0,"parent":1759,"menu_order":0,"comment_status":"closed","ping_status":"closed","template":"","meta":{"footnotes":""},"class_list":["post-1332","page","type-page","status-publish","hentry"],"_links":{"self":[{"href":"https:\/\/lumatikka.luma.fi\/sv\/wp-json\/wp\/v2\/pages\/1332","targetHints":{"allow":["GET"]}}],"collection":[{"href":"https:\/\/lumatikka.luma.fi\/sv\/wp-json\/wp\/v2\/pages"}],"about":[{"href":"https:\/\/lumatikka.luma.fi\/sv\/wp-json\/wp\/v2\/types\/page"}],"author":[{"embeddable":true,"href":"https:\/\/lumatikka.luma.fi\/sv\/wp-json\/wp\/v2\/users\/12"}],"replies":[{"embeddable":true,"href":"https:\/\/lumatikka.luma.fi\/sv\/wp-json\/wp\/v2\/comments?post=1332"}],"version-history":[{"count":27,"href":"https:\/\/lumatikka.luma.fi\/sv\/wp-json\/wp\/v2\/pages\/1332\/revisions"}],"predecessor-version":[{"id":2058,"href":"https:\/\/lumatikka.luma.fi\/sv\/wp-json\/wp\/v2\/pages\/1332\/revisions\/2058"}],"up":[{"embeddable":true,"href":"https:\/\/lumatikka.luma.fi\/sv\/wp-json\/wp\/v2\/pages\/1759"}],"wp:attachment":[{"href":"https:\/\/lumatikka.luma.fi\/sv\/wp-json\/wp\/v2\/media?parent=1332"}],"curies":[{"name":"wp","href":"https:\/\/api.w.org\/{rel}","templated":true}]}}